{"id":80,"date":"2024-06-07T20:22:56","date_gmt":"2024-06-07T20:22:56","guid":{"rendered":"https:\/\/www.brown.endurancepatagonia.com\/?page_id=80"},"modified":"2025-11-11T17:52:33","modified_gmt":"2025-11-11T17:52:33","slug":"calendar","status":"publish","type":"page","link":"https:\/\/www.ultrapaine.com\/es\/calendar","title":{"rendered":"Cronograma"},"content":{"rendered":"<p><\/p>\n<style>\n#bannerPage {\nbackground-image: url('https:\/\/cdn.racingpatagonia.com\/utpaine\/images\/2025\/UP25_TorresdelPaine_Web_Background_7.jpg') !important;\nbackground-position: 0em 0em;\n}\n#editionTitlez {\ntext-transform: uppercase;\ntext-align: center;\nfont-size: 5em;\ncolor: #0c5086;\ntext-shadow: 0px 0px 2px #90f6fa, 0px 0px 2px #90f6fa, 0px 0px 2px #90f6fa;\nfont-family: 'PressStyleExtra';\n-webkit-font-smoothing: antialiased;\n-moz-osx-font-smoothing: grayscale !important;\nfont-weight: normal;\nmargin: 0 auto;\nletter-spacing: 6px;\ntext-rendering: geometricPrecision;\nmargin-bottom: -20px;\n}\n#fontDropOne {\n-webkit-font-smoothing: antialiased;\n-moz-osx-font-smoothing: grayscale !important;\nfont-weight: normal;\nmargin: 0 auto;\ntext-shadow: 1px 0px 1px #0c5086, 1px 1px 1px #0c5086, 1px 1px 1px #0c5086;\ncolor: #90f6fa;\nfont-family: 'PressStyleExtra';\nfont-size: 2.5em;\nletter-spacing: 2px;\ntext-transform: uppercase;\ntext-align: center;\n}\n#fontDropTwo {\n-webkit-font-smoothing: antialiased;\n-moz-osx-font-smoothing: grayscale !important;\nfont-weight: normal;\nmargin: 0 auto;\ntext-shadow: 1px 0px 0px #90f6fa, 1px 1px 0px #90f6fa, 1px 1px 0px #90f6fa;\ncolor: #0c5086;\nfont-family: 'PressStyleExtra';\nfont-size: 2em;\nletter-spacing: 7px;\ntext-transform: uppercase;\ntext-align: center;\ntext-rendering: geometricPrecision;\n}\n.registered {\nfont-size: 15px;\nposition: relative;\ntop: -45px;\ntext-shadow: none !important;\ncolor: #0c5086;\nfont-family:KeepCalm;\nleft: -4px;\n}\n.textDropOne {\nfont-size: 8px;\nposition: relative;\ntop: -3px;\nletter-spacing: 1px;\nmargin: 0px;\nwhite-space: pre-line;\ntext-shadow: 1px 1px 1px #000;\nfont-family: 'KeepCalm';\ntext-transform: uppercase;\nline-height: 150%;\n}\n.entry table td {\nvertical-align: middle !important; \nborder: 1px solid #fff !important;\n}\ntable {\nborder-collapse: initial;\n}\n.ufTrademark {\nposition: relative;\ntop: 4px;\n}\n.titleFontzContainer {\nmargin: 30px 0px 0px 0px;\n}\n.fontz {\nmargin: 20px;\n}\n.tableFiord {\nbackground-color: #c2cdd9;\ncolor: #0b2847;\ntext-shadow: 1px 1px 1px #fff;\nletter-spacing: 1px;\nfont-family: 'PressStyleExtra';\nfont-weight: normal;\n-webkit-font-smoothing: antialiased;\n-moz-osx-font-smoothing: grayscale !important;\ntext-rendering: geometricPrecision;\nfont-size: 2.5em;\nvertical-align: middle;\npadding: 7px !important;\nline-height: 100%;\n}\n.tableStylingz {\ndisplay: table;\ntext-shadow: none;\nmargin: 0 auto !important;\n}\n.noteInclude {\nfont-size:12px;\nbackground-color: #ffe05973 !important;\ncolor: var(--color-brownbground);\ntext-shadow: none;\n}\n.distanceHeader {\nfont-size: 1.8em;\n}\n.primeroColumnz, .segundoColumnz, .terceroColumnz {\ntext-transform: initial;\n}\n.scrollTable {\nwidth:100%;\nheight:100%;\nmax-width: 1200px;\nmargin: 0 auto;\nmargin-bottom: 30px;\n}\n.fontzCenter {\ntext-align: center;\n}\n.innerTableDetails {\nfont-size: 12px;\n}\n#bottomNoteMessage {\ntext-align:center;\npadding-bottom:20px;\nmargin-top:-10px;\n}\n.goldenLinkz {\ncolor: var(--color-brownbground);\n}\n.goldenLinkz:hover {\ncolor:#fb9606;\n}\n.goldenReturnz {\nfont-size: 10px;\nposition: relative;\n}\n.tableCatz {\nline-height: 150%;\n}\n@media screen and (max-width: 1200px) {\n#bannerPage {\nbackground-position: center;\n}\n}\n@media screen and (max-width: 736px) {\n.goldenLinkz {\npadding: 0px;\n}\n.scrollTable {\noverflow: scroll;\n}\n#bannerPage {\nbackground-position: center;\n}\n}\n@media screen and (max-width: 480px) {\n.goldenLinkz {\npadding: 0px;\n}\n.scrollTable {\noverflow: scroll;\n}\n#bannerPage {\nbackground-position: center;\n}\n.fontz {\ntext-align: left;\n}\n}\n@media screen and (max-width: 480px) and (orientation: portrait) {\n.goldenLinkz {\npadding: 0px;\n}\n.scrollTable {\noverflow: scroll;\n}\n#bannerPage {\nbackground-position: center;\n}\n}\n<\/style>\n<p class=\"fontz\">En esta secci\u00f3n encontrar\u00e1s todo el cronograma oficial del evento, es tu responsabilidad estar atento a este calendario y a sus posibles modificaciones. <strong>NOTA<\/strong>: En casos de fuerza mayor &#8211; incluyendo, pero no limitado a, incendios, condiciones clim\u00e1ticas extremas, desastres naturales, accidentes, permisos o indicaciones justificadas de alguna autoridad competente &#8211; la organizaci\u00f3n se reserva el derecho a modificar los horarios, la ruta de carrera o los puntos de asistencia en cualquier momento, incluso durante el transcurso del evento (ver <a class=\"linkzDescripcion\" href=\"https:\/\/www.ultrapaine.com\/es\/rules\/#Art\u00edculo_15\" target=\"_blank\" title=\"Ultra Paine Rules &#038; Regulations Article 2\" rel=\"noopener\">reglamento<\/a>).<\/p>\n<\/p>\n<div class=\"titleSeperators\">\n<h3 class=\"seperatorTitles\">INSCRIPCIONES<\/h3>\n<\/div>\n<p class=\"fontz\">\u00a1Las inscripciones para la pr\u00f3xima edici\u00f3n abrir\u00e1n el d\u00eda 11 de noviembre a las 16:00! \u00a1Visita nuestra <a class=\"goldenLinkz\" href=\"https:\/\/www.ultrapaine.com\/es\/registration\/\" title=\"Inscripciones de Ultra Paine\" target=\"_blank\" rel=\"noopener\">P\u00e1gina de Inscripciones<\/a> para inscribirte para la edici\u00f3n de 2026!<\/p>\n<div class=\"titleSeperators\">\n<h3 class=\"seperatorTitles\">ENTREGA DE KIT<\/h3>\n<\/div>\n<p class=\"fontz\">El Kit de Corredor se entregar\u00e1 en Puerto Natales de acuerdo a la siguiente programaci\u00f3n:<\/p>\n<div class=\"scrollTable\">\n<table class=\"aligncenter tableStylingz\">\n<tbody>\n<tr>\n<td class=\"primeroRowz\">Fecha<\/td>\n<td class=\"primeroRowz\">Hora<\/td>\n<td class=\"primeroRowz\">Ubicaci\u00f3n<\/td>\n<\/tr>\n<tr>\n<td class=\"primeroColumnz\">24 de septiembre<\/td>\n<td class=\"tableCatz\">Por confirmar<\/td>\n<td class=\"tableCatz\">Por confirmar<\/td>\n<\/tr>\n<tr>\n<td class=\"primeroColumnz\">25 de septiembre<\/td>\n<td class=\"tableCatz\">Por confirmar<\/td>\n<td class=\"tableCatz\">Por confirmar<\/td>\n<\/tr>\n<tr>\n<td colspan=\"4\" class=\"terceroColumnz noteInclude\"><strong><u>NOTA<\/u><\/strong>: Schedules &#038; locations could be modified.<\/td>\n<\/tr>\n<\/tbody>\n<\/table>\n<\/div>\n<div class=\"titleSeperators\">\n<h3 class=\"seperatorTitles\">SALIDA BUS OFICIAL<\/h3>\n<\/div>\n<p class=\"fontz\">Todos los buses saldr\u00e1n desde la Plaza de Armas de Puerto Natales (calle Hermann Eberhard, frente a la iglesia). No olvides que necesitar\u00e1s comprar un boleto para este servicio.<\/p>\n<div class=\"scrollTable\">\n<table class=\"aligncenter tableStylingz\">\n<tbody>\n<tr>\n<td class=\"primeroRowz\">Distancia<\/td>\n<td class=\"primeroRowz\">Fecha<\/td>\n<td class=\"primeroRowz\">Hora<\/td>\n<td class=\"primeroRowz\">Ubicaci\u00f3n<\/td>\n<\/tr>\n<tr>\n<td class=\"primeroColumnz\">50K<\/td>\n<td class=\"tableCatz\">26 de septiembre<\/td>\n<td class=\"tableCatz\">06:15<\/td>\n<td class=\"tableCatz\"><a class=\"tableCatz goldenLinkz\" href=\"https:\/\/www.google.com\/maps\/place\/Plaza+de+Armas+Arturo+Prat\/@-51.7263313,-72.5088014,17z\/data=!3m1!4b1!4m6!3m5!1s0xbdafe81bcc22593b:0x1cec1134a9fd6fb!8m2!3d-51.7263347!4d-72.5062211!16s%2Fg%2F1td2w45v?entry=ttu\" target=\"_blank\" title=\"Plaza de Armas Mapa\" rel=\"noopener\">Plaza de Armas<\/a><br \/><span class=\"goldenReturnz\">Puerto Natales<\/span><\/td>\n<\/tr>\n<tr>\n<td class=\"primeroColumnz\">35K<\/td>\n<td class=\"tableCatz\">26 de septiembre<\/td>\n<td class=\"tableCatz\">09:30<\/td>\n<td class=\"tableCatz\"><a class=\"tableCatz goldenLinkz\" href=\"https:\/\/www.google.com\/maps\/place\/Plaza+de+Armas+Arturo+Prat\/@-51.7263313,-72.5088014,17z\/data=!3m1!4b1!4m6!3m5!1s0xbdafe81bcc22593b:0x1cec1134a9fd6fb!8m2!3d-51.7263347!4d-72.5062211!16s%2Fg%2F1td2w45v?entry=ttu\" target=\"_blank\" title=\"Plaza de Armas Mapa\" rel=\"noopener\">Plaza de Armas<\/a><br \/><span class=\"goldenReturnz\">Puerto Natales<\/span><\/td>\n<\/tr>\n<tr>\n<td class=\"primeroColumnz\">21K<\/td>\n<td class=\"tableCatz\">26 de septiembre<\/td>\n<td class=\"tableCatz\">09:00<\/td>\n<td class=\"tableCatz\"><a class=\"tableCatz goldenLinkz\" href=\"https:\/\/www.google.com\/maps\/place\/Plaza+de+Armas+Arturo+Prat\/@-51.7263313,-72.5088014,17z\/data=!3m1!4b1!4m6!3m5!1s0xbdafe81bcc22593b:0x1cec1134a9fd6fb!8m2!3d-51.7263347!4d-72.5062211!16s%2Fg%2F1td2w45v?entry=ttu\" target=\"_blank\" title=\"Plaza de Armas Mapa\" rel=\"noopener\">Plaza de Armas<\/a><br \/><span class=\"goldenReturnz\">Puerto Natales<\/span><\/td>\n<\/tr>\n<tr>\n<td class=\"primeroColumnz\">14K<\/td>\n<td class=\"tableCatz\">26 de septiembre<\/td>\n<td class=\"tableCatz\">07:15<\/td>\n<td class=\"tableCatz\"><a class=\"tableCatz goldenLinkz\" href=\"https:\/\/www.google.com\/maps\/place\/Plaza+de+Armas+Arturo+Prat\/@-51.7263313,-72.5088014,17z\/data=!3m1!4b1!4m6!3m5!1s0xbdafe81bcc22593b:0x1cec1134a9fd6fb!8m2!3d-51.7263347!4d-72.5062211!16s%2Fg%2F1td2w45v?entry=ttu\" target=\"_blank\" title=\"Plaza de Armas Mapa\" rel=\"noopener\">Plaza de Armas<\/a><br \/><span class=\"goldenReturnz\">Puerto Natales<\/span><\/td>\n<\/tr>\n<tr>\n<td class=\"primeroColumnz\">5K<\/td>\n<td class=\"tableCatz\">26 de septiembre<\/td>\n<td class=\"tableCatz\">07:00<\/td>\n<td class=\"tableCatz\"><a class=\"tableCatz goldenLinkz\" href=\"https:\/\/www.google.com\/maps\/place\/Plaza+de+Armas+Arturo+Prat\/@-51.7263313,-72.5088014,17z\/data=!3m1!4b1!4m6!3m5!1s0xbdafe81bcc22593b:0x1cec1134a9fd6fb!8m2!3d-51.7263347!4d-72.5062211!16s%2Fg%2F1td2w45v?entry=ttu\" target=\"_blank\" title=\"Plaza de Armas Mapa\" rel=\"noopener\">Plaza de Armas<\/a><br \/><span class=\"goldenReturnz\">Puerto Natales<\/span><\/td>\n<\/tr>\n<tr>\n<td colspan=\"4\" class=\"terceroColumnz noteInclude\"><strong><u>NOTA<\/u><\/strong>: Schedules &#038; locations could be modified.<\/td>\n<\/tr>\n<\/tbody>\n<\/table>\n<\/div>\n<div class=\"titleSeperators\">\n<h3 class=\"seperatorTitles\">PARTIDAS<\/h3>\n<\/div>\n<p class=\"fontz\">De acuerdo a las distancia de carrera, los horarios de partida son los siguientes<span style=\"text-shadow: 0px 0px 1px #f6c214;color: #3b2314;\">*<\/span>:<\/p>\n<div class=\"scrollTable\">\n<table class=\"aligncenter tableStylingz\">\n<tbody>\n<tr>\n<td class=\"primeroRowz\">Distancia<\/td>\n<td class=\"primeroRowz\">Fecha<\/td>\n<td class=\"primeroRowz\">Hora<\/td>\n<td class=\"primeroRowz\">Ubicaci\u00f3n<\/td>\n<\/tr>\n<tr>\n<td class=\"primeroColumnz\">50K<\/td>\n<td class=\"tableCatz\">26 de septiembre<\/td>\n<td class=\"tableCatz\">08:30<\/td>\n<td class=\"tableCatz\">Estancia El Kark<br \/><a class=\"tableCatz goldenLinkz\" href=\"https:\/\/www.google.com\/maps\/place\/Estancia+Kark\/@-51.2878482,-72.5347792,1641m\/data=!3m1!1e3!4m6!3m5!1s0xbda55300146ce4e5:0x4e0897878b239001!8m2!3d-51.2896686!4d-72.5374792!16s%2Fg%2F11ybbl8s2r?entry=ttu&#038;g_ep=EgoyMDI1MDkyMy4wIKXMDSoASAFQAw%3D%3D\" target=\"_blank\" title=\"Estancia El Kark Map\" rel=\"noopener\"><span class=\"innerTableDetails\">Ruta Y-200<\/span><\/a><\/td>\n<\/tr>\n<tr>\n<td class=\"primeroColumnz\">35K<\/td>\n<td class=\"tableCatz\">26 de septiembre<\/td>\n<td class=\"tableCatz\">11:30<\/td>\n<td class=\"tableCatz\">Cruce Bah\u00eda El Bote<br \/><a class=\"tableCatz goldenLinkz\" href=\"https:\/\/www.google.com\/maps\/place\/51%C2%B019'02.5%22S+72%C2%B043'01.4%22W\/@-51.3155713,-72.7261093,1910m\/data=!3m1!1e3!4m4!3m3!8m2!3d-51.3173611!4d-72.7170556?entry=ttu&#038;g_ep=EgoyMDI1MDkyMy4wIKXMDSoASAFQAw%3D%3D\" target=\"_blank\" title=\"Cruce Bah\u00eda El Bote Map\" rel=\"noopener\"><span class=\"innerTableDetails\">Ruta Y-202<\/span><\/a><br \/>\n<\/tr>\n<tr>\n<td class=\"primeroColumnz\">21K<\/td>\n<td class=\"tableCatz\">26 de septiembre<\/td>\n<td class=\"tableCatz\">11:00<\/td>\n<td class=\"tableCatz\">Acceso Patagonia Camp<br \/><a class=\"tableCatz goldenLinkz\" href=\"https:\/\/www.google.com\/maps\/place\/51%C2%B016'54.2%22S+72%C2%B051'23.4%22W\/@-51.2789373,-72.8591885,3261m\/data=!3m1!1e3!4m4!3m3!8m2!3d-51.2817222!4d-72.8565?entry=ttu&#038;g_ep=EgoyMDI1MDkyMy4wIKXMDSoASAFQAw%3D%3D\" target=\"_blank\" title=\"Patagonia Camp Map\" rel=\"noopener\"><span class=\"innerTableDetails\">Ruta Y-290<\/span><\/a><\/td>\n<\/tr>\n<tr>\n<td class=\"primeroColumnz\">14K<\/td>\n<td class=\"tableCatz\">26 de septiembre<\/td>\n<td class=\"tableCatz\">09:30<\/td>\n<td class=\"tableCatz\">Mirador Grey<br \/><a class=\"tableCatz goldenLinkz\" href=\"https:\/\/www.google.com\/maps\/place\/Mirador+Grey\/@-51.249419,-72.9204954,3286m\/data=!3m1!1e3!4m6!3m5!1s0xbda5450a50836b25:0xac99ddc7281248b8!8m2!3d-51.2494193!4d-72.8875895!16s%2Fg%2F11t_slk0n6?entry=ttu&#038;g_ep=EgoyMDI1MDkyMy4wIKXMDSoASAFQAw%3D%3D\" target=\"_blank\" title=\"Mirador Grey Map\" rel=\"noopener\"><span class=\"innerTableDetails\">Ruta Y-290<\/span><\/a><\/td>\n<\/tr>\n<tr>\n<td class=\"primeroColumnz\">5K<\/td>\n<td class=\"tableCatz\">26 de septiembre<\/td>\n<td class=\"tableCatz\">09:30<\/td>\n<td class=\"tableCatz\">Hotel del Paine<br \/><a class=\"tableCatz goldenLinkz\" href=\"https:\/\/www.google.com\/maps\/place\/Hotel+del+Paine\/@-51.2344953,-72.9730269,411m\/data=!3m1!1e3!4m9!3m8!1s0xbda543af8336b3eb:0x8f1b064fe8c13412!5m2!4m1!1i2!8m2!3d-51.2344953!4d-72.9730269!16s%2Fg%2F1tdq_zg1?entry=ttu&#038;g_ep=EgoyMDI1MDkyMy4wIKXMDSoASAFQAw%3D%3D\" target=\"_blank\" title=\"Hotel del Paine Map\" rel=\"noopener\"><span class=\"innerTableDetails\"><span class=\"innerTableDetails\">Villa R\u00edo Serrano<\/span><\/a><\/td>\n<\/tr>\n<tr>\n<td colspan=\"4\" class=\"terceroColumnz noteInclude\"><strong>*<\/strong> Los horarios y las ubicaciones de las partidas podr\u00edan ser modificados.<\/td>\n<\/tr>\n<\/tbody>\n<\/table>\n<\/div>\n<p class=\"fontz\" id=\"bottomNoteMessage\"><span style=\"font-weight:bold;text-decoration:underline;\">NOTA<\/span>: Todos los eventos previos a la carrera, que incluyen entrega de kit y la salida de buses hasta las partidas, se ubican en Puerto Natales. Es responsabilidad personal de cada corredor estar en los puntos de partida una hora antes del inicio de su prueba, sea utilizando medios propios, transporte privado o los buses oficiales del evento.<\/p>\n<p><\/p>","protected":false},"excerpt":{"rendered":"<p>En esta secci\u00f3n encontrar\u00e1s todo el cronograma oficial del evento, es tu responsabilidad estar atento a este calendario y a sus posibles modificaciones. NOTA: En casos de fuerza mayor &#8211; incluyendo, pero no limitado a, incendios, condiciones clim\u00e1ticas extremas, desastres naturales, accidentes, permisos o indicaciones justificadas de alguna autoridad competente &#8211; la organizaci\u00f3n se reserva [&hellip;]<\/p>\n","protected":false},"author":1,"featured_media":0,"parent":0,"menu_order":0,"comment_status":"closed","ping_status":"closed","template":"","meta":[],"_links":{"self":[{"href":"https:\/\/www.ultrapaine.com\/es\/wp-json\/wp\/v2\/pages\/80"}],"collection":[{"href":"https:\/\/www.ultrapaine.com\/es\/wp-json\/wp\/v2\/pages"}],"about":[{"href":"https:\/\/www.ultrapaine.com\/es\/wp-json\/wp\/v2\/types\/page"}],"author":[{"embeddable":true,"href":"https:\/\/www.ultrapaine.com\/es\/wp-json\/wp\/v2\/users\/1"}],"replies":[{"embeddable":true,"href":"https:\/\/www.ultrapaine.com\/es\/wp-json\/wp\/v2\/comments?post=80"}],"version-history":[{"count":36,"href":"https:\/\/www.ultrapaine.com\/es\/wp-json\/wp\/v2\/pages\/80\/revisions"}],"predecessor-version":[{"id":868,"href":"https:\/\/www.ultrapaine.com\/es\/wp-json\/wp\/v2\/pages\/80\/revisions\/868"}],"wp:attachment":[{"href":"https:\/\/www.ultrapaine.com\/es\/wp-json\/wp\/v2\/media?parent=80"}],"curies":[{"name":"wp","href":"https:\/\/api.w.org\/{rel}","templated":true}]}}